{"id":37916,"date":"2018-04-03T16:05:00","date_gmt":"2018-04-03T07:05:00","guid":{"rendered":"https:\/\/www.panamera-life.com\/?page_id=37916"},"modified":"2025-05-02T22:27:04","modified_gmt":"2025-05-02T13:27:04","slug":"panamera","status":"publish","type":"page","link":"https:\/\/www.panamera-life.com\/de\/panamera\/","title":{"rendered":"Unsere geliebten Fahrzeuge zu Hause"},"content":{"rendered":"<p>Derzeit stellen wir Ihnen unsere geliebten Fahrzeuge vor, die sich aktuell in unserem Besitz befinden, sowie unsere fr\u00fcheren Autos. <div id=\"ez-toc-container\" class=\"ez-toc-v2_0_74 counter-hierarchy ez-toc-counter ez-toc-grey ez-toc-container-direction\">\n<div class=\"ez-toc-title-container\">\n<p class=\"ez-toc-title\" style=\"cursor:inherit\">\u30b3\u30f3\u30c6\u30f3\u30c4<\/p>\n<span class=\"ez-toc-title-toggle\"><\/span><\/div>\n<nav><ul class='ez-toc-list ez-toc-list-level-1 ' ><li class='ez-toc-page-1 ez-toc-heading-level-3'><a class=\"ez-toc-link ez-toc-heading-1\" href=\"https:\/\/www.panamera-life.com\/de\/panamera\/#Unsere_aktuellen_Fahrzeuge\" >Unsere aktuellen Fahrzeuge<\/a><ul class='ez-toc-list-level-4' ><li class='ez-toc-heading-level-4'><a class=\"ez-toc-link ez-toc-heading-2\" href=\"https:\/\/www.panamera-life.com\/de\/panamera\/#Porsche_Boxster_GTS_981\" >Porsche Boxster GTS (981)<\/a><\/li><li class='ez-toc-page-1 ez-toc-heading-level-4'><a class=\"ez-toc-link ez-toc-heading-3\" href=\"https:\/\/www.panamera-life.com\/de\/panamera\/#Porsche_911_964C2\" >Porsche 911 (964C2)<\/a><\/li><li class='ez-toc-page-1 ez-toc-heading-level-4'><a class=\"ez-toc-link ez-toc-heading-4\" href=\"https:\/\/www.panamera-life.com\/de\/panamera\/#Porsche_Taycan_Turbo_GT_mit_Weissach-Paket\" >Porsche Taycan Turbo GT mit Weissach-Paket<\/a><\/li><li class='ez-toc-page-1 ez-toc-heading-level-4'><a class=\"ez-toc-link ez-toc-heading-5\" href=\"https:\/\/www.panamera-life.com\/de\/panamera\/#Porsche_Taycan_4S_Cross_Turismo\" >Porsche Taycan 4S Cross Turismo<\/a><\/li><li class='ez-toc-page-1 ez-toc-heading-level-4'><a class=\"ez-toc-link ez-toc-heading-6\" href=\"https:\/\/www.panamera-life.com\/de\/panamera\/#Nissan_Fairlady_Z_NISMO\" >Nissan Fairlady Z NISMO<\/a><\/li><li class='ez-toc-page-1 ez-toc-heading-level-4'><a class=\"ez-toc-link ez-toc-heading-7\" href=\"https:\/\/www.panamera-life.com\/de\/panamera\/#Tesla_Model_3\" >Tesla Model 3<\/a><\/li><\/ul><\/li><li class='ez-toc-page-1 ez-toc-heading-level-3'><a class=\"ez-toc-link ez-toc-heading-8\" href=\"https:\/\/www.panamera-life.com\/de\/panamera\/#Frueher_besessene_Fahrzeuge\" >Fr\u00fcher besessene Fahrzeuge<\/a><ul class='ez-toc-list-level-4' ><li class='ez-toc-heading-level-4'><a class=\"ez-toc-link ez-toc-heading-9\" href=\"https:\/\/www.panamera-life.com\/de\/panamera\/#Porsche_911_Carrera_4_GTS_9911\" >Porsche 911 Carrera 4 GTS (991.1)<\/a><\/li><li class='ez-toc-page-1 ez-toc-heading-level-4'><a class=\"ez-toc-link ez-toc-heading-10\" href=\"https:\/\/www.panamera-life.com\/de\/panamera\/#Porsche_Cayman_T_718\" >Porsche Cayman T (718)<\/a><\/li><li class='ez-toc-page-1 ez-toc-heading-level-4'><a class=\"ez-toc-link ez-toc-heading-11\" href=\"https:\/\/www.panamera-life.com\/de\/panamera\/#Porsche_911_Cabriolet_992\" >Porsche 911 Cabriolet (992)<\/a><\/li><li class='ez-toc-page-1 ez-toc-heading-level-4'><a class=\"ez-toc-link ez-toc-heading-12\" href=\"https:\/\/www.panamera-life.com\/de\/panamera\/#Porsche_911_Carrera_T_9921\" >Porsche 911 Carrera T (992.1)<\/a><\/li><li class='ez-toc-page-1 ez-toc-heading-level-4'><a class=\"ez-toc-link ez-toc-heading-13\" href=\"https:\/\/www.panamera-life.com\/de\/panamera\/#Porsche_Cayenne_E-Hybrid_9YA\" >Porsche Cayenne E-Hybrid (9YA)<\/a><\/li><li class='ez-toc-page-1 ez-toc-heading-level-4'><a class=\"ez-toc-link ez-toc-heading-14\" href=\"https:\/\/www.panamera-life.com\/de\/panamera\/#Porsche_911_GT3_Touring_9912\" >Porsche 911 GT3 Touring (991.2)<\/a><\/li><li class='ez-toc-page-1 ez-toc-heading-level-4'><a class=\"ez-toc-link ez-toc-heading-15\" href=\"https:\/\/www.panamera-life.com\/de\/panamera\/#Porsche_Panamera_Turbo_971\" >Porsche Panamera Turbo (971)<\/a><\/li><li class='ez-toc-page-1 ez-toc-heading-level-4'><a class=\"ez-toc-link ez-toc-heading-16\" href=\"https:\/\/www.panamera-life.com\/de\/panamera\/#Mercedes-Benz_GLB200d_4MATIC\" >Mercedes-Benz GLB200d 4MATIC<\/a><\/li><li class='ez-toc-page-1 ez-toc-heading-level-4'><a class=\"ez-toc-link ez-toc-heading-17\" href=\"https:\/\/www.panamera-life.com\/de\/panamera\/#Mercedes-Benz_SL500_R129\" >Mercedes-Benz SL500 (R129)<\/a><\/li><li class='ez-toc-page-1 ez-toc-heading-level-4'><a class=\"ez-toc-link ez-toc-heading-18\" href=\"https:\/\/www.panamera-life.com\/de\/panamera\/#Suzuki_Swift_Sport\" >Suzuki Swift Sport<\/a><\/li><li class='ez-toc-page-1 ez-toc-heading-level-4'><a class=\"ez-toc-link ez-toc-heading-19\" href=\"https:\/\/www.panamera-life.com\/de\/panamera\/#Nissan_Note_e-POWER_NISMO_S\" >Nissan Note e-POWER NISMO S<\/a><\/li><li class='ez-toc-page-1 ez-toc-heading-level-4'><a class=\"ez-toc-link ez-toc-heading-20\" href=\"https:\/\/www.panamera-life.com\/de\/panamera\/#AMG_S63_4MATIC_Coupe_C217\" >AMG S63 4MATIC Coup\u00e9 (C217)<\/a><\/li><li class='ez-toc-page-1 ez-toc-heading-level-4'><a class=\"ez-toc-link ez-toc-heading-21\" href=\"https:\/\/www.panamera-life.com\/de\/panamera\/#McLaren_650S\" >McLaren 650S<\/a><\/li><li class='ez-toc-page-1 ez-toc-heading-level-4'><a class=\"ez-toc-link ez-toc-heading-22\" href=\"https:\/\/www.panamera-life.com\/de\/panamera\/#Porsche_Panamera_Edition_970\" >Porsche Panamera Edition (970)<\/a><\/li><li class='ez-toc-page-1 ez-toc-heading-level-4'><a class=\"ez-toc-link ez-toc-heading-23\" href=\"https:\/\/www.panamera-life.com\/de\/panamera\/#BMW_320i_F30\" >BMW 320i (F30)<\/a><\/li><li class='ez-toc-page-1 ez-toc-heading-level-4'><a class=\"ez-toc-link ez-toc-heading-24\" href=\"https:\/\/www.panamera-life.com\/de\/panamera\/#Volkswagen_Golf_7\" >Volkswagen Golf 7<\/a><\/li><\/ul><\/li><\/ul><\/nav><\/div>\n<\/p>\n<h3 class=\"style3a\"><span class=\"ez-toc-section\" id=\"Unsere_aktuellen_Fahrzeuge\"><\/span>Unsere aktuellen Fahrzeuge<span class=\"ez-toc-section-end\"><\/span><\/h3>\n<h4 class=\"style4b\"><span class=\"ez-toc-section\" id=\"Porsche_Boxster_GTS_981\"><\/span>Porsche Boxster GTS (981)<span class=\"ez-toc-section-end\"><\/span><\/h4>\n<p><img loading=\"lazy\" decoding=\"async\" class=\"alignnone wp-image-4409 size-large\" src=\"https:\/\/www.panamera-life.com\/wp-content\/uploads\/2018\/08\/32161133-9C7D-4CBA-8966-25B0AA949496-800x533.jpeg\" alt=\"981 Boxster GTS\" width=\"800\" height=\"533\" \/><\/p>\n<p>Die detaillierten Optionen und Spezifikationen des Boxster \u201eMY2016 Boxster GTS\u201c sind wie folgt:<\/p>\n<p class=\"well2\"><strong>\u3010Hauptoptionen\u3011<\/strong> LHD, 6-Gang-Schaltgetriebe, Modellschriftzug entfernt, \u00dcberrollb\u00fcgel in Wagenfarbe, elektrisch einklappbare Au\u00dfenspiegel, 20-Zoll Carrera S R\u00e4der, Sitzheizung (2-stufig regelbar) links und rechts, Raucherpaket, Alcantara-Paket entfernt, Fu\u00dfmatten, Sportsitze Plus (2-stufig elektrisch), 3-Speichen-Sportlenkrad, grauer Streifen an der Frontscheibe<\/p>\n<p>Weitere Berichte zu Fahrspa\u00df, Verbrauch und Wartung des Boxster finden Sie <a href=\"https:\/\/www.panamera-life.com\/entry\/category\/aboutboxster\/\" target=\"_blank\" rel=\"&quot;noopener noopener\">hier<\/a>.<\/p>\n<h4 class=\"style4b\"><span class=\"ez-toc-section\" id=\"Porsche_911_964C2\"><\/span>Porsche 911 (964C2)<span class=\"ez-toc-section-end\"><\/span><\/h4>\n<p><img loading=\"lazy\" decoding=\"async\" class=\"alignnone wp-image-6808 size-large\" src=\"https:\/\/www.panamera-life.com\/wp-content\/uploads\/2018\/11\/IMG_9125-800x533.jpg\" alt=\"\" width=\"800\" height=\"533\" \/><\/p>\n<p>Die detaillierten Optionen und Spezifikationen des 911 \u201eMY1992 911 Carrera 2 (964A)\u201c sind wie folgt:<\/p>\n<p class=\"well2\">\u3010Hauptoptionen und Ausstattung\u3011 RHD, 4-Gang-Tiptronic, Amazon-Gr\u00fcn Metallic (Lackierung), originale 16-Zoll Cup-R\u00e4der, MICHELIN Pilot Exalto PE2 Reifen F:205\/55ZR16 91Y N0 R:225\/50R16 92Y N0, originaler Kassetten- und CD-Wechsler<span style=\"font-size: 8pt;\"> (diese wurden ausgebaut und aufbewahrt, beim Kauf durch Pioneer DEH-970 ersetzt)<\/span>, Kilometerstand beim Kauf 55.000 km, Mitsuwa offizieller Import, Originalzustand<\/p>\n<p>Weitere Artikel zu Fahrspa\u00df, Verbrauch und Wartung des 964 finden Sie <a href=\"https:\/\/www.panamera-life.com\/entry\/category\/air-cooled-porsche\/\" target=\"_blank\" rel=\"noopener noreferrer\">hier<\/a>.<\/p>\n<h4 class=\"style4b\"><span class=\"ez-toc-section\" id=\"Porsche_Taycan_Turbo_GT_mit_Weissach-Paket\"><\/span>Porsche Taycan Turbo GT mit Weissach-Paket<span class=\"ez-toc-section-end\"><\/span><\/h4>\n<p><img loading=\"lazy\" decoding=\"async\" class=\"alignnone size-large wp-image-36127\" src=\"https:\/\/www.panamera-life.com\/wp-content\/uploads\/2025\/04\/GlBALKnXoAAjwbc-1280x960.jpeg\" alt=\"\" width=\"1280\" height=\"960\" \/><\/p>\n<p>Berichte zu Fahrspa\u00df, Verbrauch und Wartung des Taycan Turbo GT Weissach-Pakets finden Sie <a href=\"https:\/\/www.panamera-life.com\/entry\/category\/abouttaycan\/\" target=\"_blank\" rel=\"&quot;noopener noopener\">hier<\/a>.<\/p>\n<h4 class=\"style4b\"><span class=\"ez-toc-section\" id=\"Porsche_Taycan_4S_Cross_Turismo\"><\/span>Porsche Taycan 4S Cross Turismo<span class=\"ez-toc-section-end\"><\/span><\/h4>\n<p><img loading=\"lazy\" decoding=\"async\" class=\"alignnone size-large wp-image-32410\" src=\"https:\/\/www.panamera-life.com\/wp-content\/uploads\/2024\/02\/GFIZPCdaUAA91lP-1280x854.jpeg\" alt=\"Porsche Taycan\" width=\"1280\" height=\"854\" \/>\u00a0Die wichtigsten Optionen und Spezifikationen des Taycan 4S Cross Turismo (MY2023) sind:<\/p>\n<p class=\"well2\"><strong>\u3010Hauptoptionen und Ausstattung\u3011<br \/>\n<\/strong>\u2022 Ice Grey Metallic<br \/>\n\u2022 Hinterachslenkung (inkl. Power Steering Plus)<br \/>\n\u2022 Modellschriftzug (matt schwarz lackiert)<br \/>\n\u2022 R\u00e4der (satin schwarz lackiert)<br \/>\n\u2022 Offroad-Design-Paket inkl. Einlagen (hochglanz schwarz lackiert)<br \/>\n\u2022 Elektrisch \u00f6ffnende Ladeanschlussabdeckung<br \/>\n\u2022 Festes Panorama-Glasdach<br \/>\n\u2022 Sitzbel\u00fcftung (vorne)<br \/>\n\u2022 21-Zoll Cross Turismo Design R\u00e4der<br \/>\n\u2022 4+1 Sitze<br \/>\n\u2022 Porsche-Wappen auf Kopfst\u00fctzen (vorne und hinten)<br \/>\n\u2022 T\u00fcr\u00f6ffnerhebel (hochglanz schwarz lackiert)<br \/>\n\u2022 LED-Matrix-Scheinwerfer (Glacier Ice Blue)<br \/>\n\u2022 Porsche Dynamic Light System Plus (PDLS Plus) inklusive<br \/>\n\u2022 Sport Chrono Paket<br \/>\n\u2022 Exclusive Design R\u00fcckleuchten<br \/>\n\u2022 Modellschriftzug an den T\u00fcren (rot)<br \/>\n\u2022 Akzentpaket (Neodym)<br \/>\n\u2022 Aktiver Spurhalteassistent<br \/>\n\u2022 Adaptive Sportsitze (18-fach elektrisch verstellbar) mit Memory-Paket<br \/>\n\u2022 Seitenfensterleisten (hochglanz schwarz)<br \/>\n\u2022 Ambientebeleuchtung<br \/>\n\u2022 \u201ePORSCHE\u201c-Logo, LED-T\u00fcrbeleuchtung<br \/>\n\u2022 Privacy-Glas<br \/>\n\u2022 Elektrischer Sport Sound<\/p>\n<p>Weitere Informationen zu Fahrspa\u00df, Verbrauch und Wartung des Taycan finden Sie <a href=\"https:\/\/www.panamera-life.com\/entry\/tag\/glb\/\" target=\"_blank\" rel=\"noopener\">hier<\/a>.<\/p>\n<h4 class=\"style4b\"><span class=\"ez-toc-section\" id=\"Nissan_Fairlady_Z_NISMO\"><\/span>Nissan Fairlady Z NISMO<span class=\"ez-toc-section-end\"><\/span><\/h4>\n<p><img loading=\"lazy\" decoding=\"async\" class=\"alignnone size-large wp-image-36126\" src=\"https:\/\/www.panamera-life.com\/wp-content\/uploads\/2025\/04\/GncfUqfaYAA4OAY-1280x854.jpeg\" alt=\"Nissan Fairlady Z\" width=\"1280\" height=\"854\" \/><\/p>\n<p>Berichte zu Fahrspa\u00df, Verbrauch und Wartung des Nissan Fairlady Z NISMO finden Sie <a href=\"https:\/\/www.panamera-life.com\/entry\/category\/notenismos\/\" target=\"_blank\" rel=\"&quot;noopener noopener\">hier<\/a>.<\/p>\n<h4 class=\"style4b\"><span class=\"ez-toc-section\" id=\"Tesla_Model_3\"><\/span>Tesla Model 3<span class=\"ez-toc-section-end\"><\/span><\/h4>\n<p><img loading=\"lazy\" decoding=\"async\" class=\"alignnone size-large wp-image-32954\" src=\"https:\/\/www.panamera-life.com\/wp-content\/uploads\/2024\/06\/DSC03289-1280x853.jpeg\" alt=\"Tesla Model 3 (Highland)\" width=\"1280\" height=\"853\" \/>\u00a0Die wichtigsten Optionen und Spezifikationen des Tesla Model 3 sind:<\/p>\n<p class=\"well2\"><strong>\u3010Hauptoptionen und Ausstattung\u3011<br \/>\n<\/strong>\u2022 Long Range<br \/>\n\u2022 Lackierung: Ultra Red<br \/>\n\u2022 18-Zoll-Felgen vorne<br \/>\n\u2022 Innenraum: Wei\u00df<\/p>\n<p>Weitere Artikel zu Fahrspa\u00df, Verbrauch und Wartung des Model 3 finden Sie <a href=\"https:\/\/www.panamera-life.com\/entry\/category\/tesla\/\" target=\"_blank\" rel=\"noopener\">hier<\/a>.<\/p>\n<h3 class=\"style3a\"><span class=\"ez-toc-section\" id=\"Frueher_besessene_Fahrzeuge\"><\/span>Fr\u00fcher besessene Fahrzeuge<span class=\"ez-toc-section-end\"><\/span><\/h3>\n<h4 class=\"style4b\"><span class=\"ez-toc-section\" id=\"Porsche_911_Carrera_4_GTS_9911\"><\/span>Porsche 911 Carrera 4 GTS (991.1)<span class=\"ez-toc-section-end\"><\/span><\/h4>\n<p><img loading=\"lazy\" decoding=\"async\" class=\"alignnone size-full wp-image-25927\" src=\"https:\/\/www.panamera-life.com\/wp-content\/uploads\/2021\/10\/IMG_4003.jpg\" alt=\"911 Carrera 4 GTS (991.1)\" width=\"1200\" height=\"674\" \/> Die Optionen und Spezifikationen des 911 Carrera 4 GTS sind:<\/p>\n<p class=\"well2\"><strong>\u3010Hauptoptionen und Ausstattung\u3011<\/strong> RHD, PDK, Agate Grey Metallic (Lackierung), GTS Interieur-Paket, Carmine Red Instrumententafel, Sitzheizung vorne links und rechts, 20-Zoll Carrera S R\u00e4der, Beifahrer-Ladungsnetz, Raucherpaket, 2-Sitzer-Konfiguration, elektrisch einklappbare Au\u00dfenspiegel<\/p>\n<p>Weitere Berichte zu Fahrspa\u00df, Verbrauch und Wartung des 911 Carrera 4 GTS finden Sie <a href=\"https:\/\/www.panamera-life.com\/entry\/tag\/991\/\" target=\"_blank\" rel=\"noopener\">hier<\/a>.<\/p>\n<h4 class=\"style4b\"><span class=\"ez-toc-section\" id=\"Porsche_Cayman_T_718\"><\/span>Porsche Cayman T (718)<span class=\"ez-toc-section-end\"><\/span><\/h4>\n<p><img loading=\"lazy\" decoding=\"async\" class=\"alignnone size-full wp-image-33069\" src=\"https:\/\/www.panamera-life.com\/wp-content\/uploads\/2024\/08\/IMG_8705-1280x960-1.jpeg\" alt=\"Porsche Cayman T\" width=\"1280\" height=\"960\" \/><\/p>\n<p class=\"well2\"><strong>\u3010Hauptoptionen\u3011<br \/>\n<\/strong>Au\u00dfenfarbe: Carrara Wei\u00df Metallic<br \/>\nInnenfarbe: 718T Interieur-Paket (Kontrastfarbe: Lizard Green)<br \/>\nSitze: Sportsitze Plus (2-fach elektrisch verstellbar)<br \/>\nAu\u00dfen: Sport Design Paket<br \/>\nSeitenfensterleisten und Dreieckleisten (hochglanz schwarz lackiert)<br \/>\nAntrieb\/ Fahrwerk:<br \/>\nPorsche Doppelkupplungsgetriebe (PDK)<br \/>\nPower Steering Plus<br \/>\nR\u00e4der: 20-Zoll Carrera S R\u00e4der<br \/>\nBeleuchtung:<br \/>\nLED-Scheinwerfer inkl. Porsche Dynamic Light System (PDLS)<br \/>\nGet\u00f6nte R\u00fcckleuchten<br \/>\nElektrisch einklappbare Au\u00dfenspiegel mit Begr\u00fc\u00dfungslicht<br \/>\nWindschutzscheibe mit grauem Oberton<br \/>\nKomfort- und Assistenzsysteme: Porsche Entry &#038; Drive System<br \/>\nInnenraum:<br \/>\n718T Interieur-Paket<br \/>\nSitzheizung<\/p>\n<p>Detaillierte Optionen und Spezifikationen des Cayman T finden Sie hier. Weitere Berichte zu Fahrspa\u00df, Verbrauch und Wartung des Cayman T finden Sie <a href=\"https:\/\/www.panamera-life.com\/entry\/category\/aboutcayman\/\" target=\"_blank\" rel=\"&quot;noopener noopener\">hier<\/a>.<\/p>\n<h4 class=\"style4b\"><span class=\"ez-toc-section\" id=\"Porsche_911_Cabriolet_992\"><\/span>Porsche 911 Cabriolet (992)<span class=\"ez-toc-section-end\"><\/span><\/h4>\n<p><img loading=\"lazy\" decoding=\"async\" class=\"alignnone size-full wp-image-19904\" src=\"https:\/\/www.panamera-life.com\/wp-content\/uploads\/2020\/09\/IMG_9082.jpg\" alt=\"\" width=\"1200\" height=\"800\" \/><\/p>\n<p>Die detaillierten Optionen und Spezifikationen des 911 Cabriolet (992) sind:<\/p>\n<p class=\"well2\"><strong>\u3010Hauptoptionen und Ausstattung\u3011<\/strong> RHD, 8-Gang-PDK, Aventurine Green Metallic (Lackierung), braunes Verdeck, Standard-Innenraum Schwarz\/Mojave Beige, Teil-Ledersitze, Sport Design Paket, Sport Design Seitenschweller, 911-Logo in Hochglanz Schwarz, Sport Chrono Paket, 19- und 20-Zoll Carrera R\u00e4der, LED-Scheinwerfer inkl. PDLS Plus, automatisch abblendender Innenspiegel, adaptiver Tempomat, Spurwechselassistent, Porsche Entry &#038; Drive System, Sportsitze, Sitzbel\u00fcftung vorne, Multifunktions-GT-Sportlenkrad, Stauraumpaket, Porsche-Wappen auf den Kopfst\u00fctzen, Dark Paldao Interieur-Paket<\/p>\n<p>Weitere Berichte zu Fahrspa\u00df, Verbrauch und Wartung des 911 Cabriolet (992) finden Sie <a href=\"https:\/\/www.panamera-life.com\/entry\/category\/911\/992\/\" target=\"_blank\" rel=\"noopener noreferrer\">hier<\/a>.<\/p>\n<h4 class=\"style4b\"><span class=\"ez-toc-section\" id=\"Porsche_911_Carrera_T_9921\"><\/span>Porsche 911 Carrera T (992.1)<span class=\"ez-toc-section-end\"><\/span><\/h4>\n<p><img loading=\"lazy\" decoding=\"async\" class=\"alignnone size-large wp-image-31355\" src=\"https:\/\/www.panamera-life.com\/wp-content\/uploads\/2023\/05\/IMG_2026-1280x854.jpeg\" alt=\"Porsche Carrera T\" width=\"1280\" height=\"854\" \/><\/p>\n<p>Die wichtigsten Optionen und Spezifikationen des Porsche 911 Carrera T (992) sind:<\/p>\n<p class=\"well2\"><strong>\u3010Hauptoptionen und Ausstattung\u3011<\/strong><br \/>\nAu\u00dfenfarbe: Kreide<br \/>\nInnenfarbe: Carrera T Interieur-Paket (Kontrastfarbe: Slate Grey)<br \/>\nSitze: Adaptive Sportsitze (18-fach elektrisch verstellbar) mit Memory-Paket, R\u00fccksitze<br \/>\nAu\u00dfen: Sport Design Paket, Porsche Exclusive Manufaktur Seitenfensterleisten (hochglanz schwarz)<br \/>\nAntrieb\/ Fahrwerk: 7-Gang-Schaltgetriebe, Vorderachsliftsystem, Hinterachslenkung<br \/>\nR\u00e4der: 20\/21-Zoll Carrera S R\u00e4der (hochglanz titaniumgrau)<br \/>\nBeleuchtung: LED-Scheinwerfer inkl. Porsche Dynamic Light System Plus (PDLS Plus)<br \/>\nKomfort- und Assistenzsysteme: Spurwechselassistent<br \/>\nInnenraum: beheizbares GT-Sportlederlenkrad, Stauraumpaket, Interieur-Paket (au\u00dfenfarblich lackiert), wei\u00dfes Tachopanel<\/p>\n<h4 class=\"style4b\"><span class=\"ez-toc-section\" id=\"Porsche_Cayenne_E-Hybrid_9YA\"><\/span>Porsche Cayenne E-Hybrid (9YA)<span class=\"ez-toc-section-end\"><\/span><\/h4>\n<p><img loading=\"lazy\" decoding=\"async\" class=\"alignnone size-large wp-image-19858\" src=\"https:\/\/www.panamera-life.com\/wp-content\/uploads\/2020\/09\/D4277E7F-D357-4A30-B14B-871335B8033C-1280x853.jpeg\" alt=\"Neuer Cayenne\" width=\"1280\" height=\"853\" \/><\/p>\n<p>Die Optionen und Spezifikationen des Cayenne E-Hybrid sind:<\/p>\n<p class=\"well2\"><strong>\u3010Hauptoptionen und Ausstattung\u3011<\/strong> RHD, 8-Gang-PDK, Wei\u00df (Lackierung), Innenraum Schwarz, Teil-Leder (Innenausstattung), Sport Chrono Paket, PASM (beim Hybrid serienm\u00e4\u00dfig), Panorama-Glasdach, 20-Zoll Cayenne Design R\u00e4der, LED-Scheinwerfer mit PDLS, Spurhalteassistent, Komfortzugang, Ambientebeleuchtung, Sitzheizung vorne, Fu\u00dfmatten <strong>\u3010H\u00e4ndleroptionen\u3011<\/strong> Monitor &#038; TV-Tuner &#038; HDMI-Eingang f\u00fcr die R\u00fccksitze, Allwetter-Fu\u00dfmatten, flacher Kofferraumschutz, get\u00f6nte Heckscheibe<\/p>\n<p>Weitere Berichte zu Fahrspa\u00df, Verbrauch und Wartung des Cayenne E-Hybrid finden Sie <a href=\"https:\/\/www.panamera-life.com\/entry\/category\/aboutcayenne\/cayenne-e-hybrid\/\" target=\"_blank\" rel=\"noopener noreferrer\">hier<\/a>.<\/p>\n<h4 class=\"style4b\"><span class=\"ez-toc-section\" id=\"Porsche_911_GT3_Touring_9912\"><\/span>Porsche 911 GT3 Touring (991.2)<span class=\"ez-toc-section-end\"><\/span><\/h4>\n<p><img loading=\"lazy\" decoding=\"async\" class=\"alignnone size-large wp-image-11481\" src=\"https:\/\/www.panamera-life.com\/wp-content\/uploads\/2019\/06\/IMG_2797-800x533.jpg\" alt=\"\" width=\"800\" height=\"533\" \/><\/p>\n<table>\n<tbody>\n<tr>\n<td>Au\u00dfenfarbe<\/td>\n<td>Kreide<\/td>\n<\/tr>\n<tr>\n<td>Paket<\/td>\n<td>Touring Paket Schwarz<\/td>\n<\/tr>\n<tr>\n<td>Getriebe<\/td>\n<td>6-Gang-Schaltgetriebe<\/td>\n<\/tr>\n<tr>\n<td>R\u00e4der<\/td>\n<td>20-Zoll GT3 R\u00e4der (Satiniert Platin)<\/td>\n<\/tr>\n<tr>\n<td>Reifen<\/td>\n<td>Michelin Pilot Sport Cup 2<\/td>\n<\/tr>\n<tr>\n<td>Fahrwerk<\/td>\n<td>PCCB (Porsche Carbon Keramik Bremsen)<\/td>\n<\/tr>\n<tr>\n<td>Innenraum<\/td>\n<td>Schwarzes Leder<\/td>\n<\/tr>\n<tr>\n<td>Sitze<\/td>\n<td>Adaptive Sportsitze Plus (18-fach elektrisch)<\/td>\n<\/tr>\n<tr>\n<td>Sicherheitsgurte<\/td>\n<td>Silbergrau<\/td>\n<\/tr>\n<tr>\n<td>Beleuchtung<\/td>\n<td>Xenon-Scheinwerfer (mit PDLS)<\/td>\n<\/tr>\n<tr>\n<td>Stoppuhr<\/td>\n<td>Sport Chrono Paket<\/td>\n<\/tr>\n<tr>\n<td>Sonstiges<\/td>\n<td>Vorderachsliftsystem, automatisch abblendender Innenspiegel, Sitzheizung, R\u00fcckfahrkamera<\/td>\n<\/tr>\n<\/tbody>\n<\/table>\n<p>Weitere Berichte zu Fahrspa\u00df, Verbrauch und Wartung des GT3 Touring finden Sie <a href=\"https:\/\/www.panamera-life.com\/entry\/category\/911\/gt3touring\/\" target=\"_blank\" rel=\"noopener noreferrer\">hier<\/a>.<\/p>\n<h4 class=\"style4b\"><span class=\"ez-toc-section\" id=\"Porsche_Panamera_Turbo_971\"><\/span>Porsche Panamera Turbo (971)<span class=\"ez-toc-section-end\"><\/span><\/h4>\n<p><img loading=\"lazy\" decoding=\"async\" class=\"alignnone wp-image-4576 size-large\" src=\"https:\/\/www.panamera-life.com\/wp-content\/uploads\/2018\/08\/IMG_7783-800x535.jpg\" alt=\"\" width=\"800\" height=\"535\" \/><\/p>\n<p>Die detaillierten Optionen und Spezifikationen des Panamera \u201eMY2018 Panamera Turbo\u201c sind:<\/p>\n<table>\n<tbody>\n<tr>\n<td>Position<\/td>\n<td>Spezifikation<\/td>\n<\/tr>\n<tr>\n<td>Au\u00dfenfarbe<\/td>\n<td>Nachtblau Metallic<\/td>\n<\/tr>\n<tr>\n<td>Innenfarbe<\/td>\n<td>Schwarz<\/td>\n<\/tr>\n<tr>\n<td>Au\u00dfen<\/td>\n<td>LED-Matrix-Scheinwerfer, Privacy-Glas, Soft-Close-T\u00fcren<\/td>\n<\/tr>\n<tr>\n<td>Getriebe\/Fahrwerk<\/td>\n<td>PDK, Hinterachslenkung, Sport Chrono Paket, Sportauspuffanlage<\/td>\n<\/tr>\n<tr>\n<td>R\u00e4der<\/td>\n<td>21-Zoll 911 Turbo Design R\u00e4der<\/td>\n<\/tr>\n<tr>\n<td>Rad-Zubeh\u00f6r<\/td>\n<td>Porsche Wappen Radnabenkappen<\/td>\n<\/tr>\n<tr>\n<td>Innenraum<\/td>\n<td>Standard Sitze, Sitzbel\u00fcftung, Spurwechselassistent, adaptiver Tempomat, Stauraumpaket, Getr\u00e4nkehalterabdeckung, Raucherpaket<\/td>\n<\/tr>\n<tr>\n<td>Kohlenstoff-Innenraum<\/td>\n<td>Kohlenstoff-Innenraum-Paket<\/td>\n<\/tr>\n<\/tbody>\n<\/table>\n<p>Weitere Berichte zu Fahrspa\u00df, Verbrauch und Wartung des Panamera finden Sie <a href=\"https:\/\/www.panamera-life.com\/entry\/category\/aboutpanamera\/\" target=\"_blank\" rel=\"noopener noreferrer\">hier<\/a>.<\/p>\n<h4 class=\"style4b\"><span class=\"ez-toc-section\" id=\"Mercedes-Benz_GLB200d_4MATIC\"><\/span>Mercedes-Benz GLB200d 4MATIC<span class=\"ez-toc-section-end\"><\/span><\/h4>\n<p><img loading=\"lazy\" decoding=\"async\" class=\"alignnone size-large wp-image-30347\" src=\"https:\/\/www.panamera-life.com\/wp-content\/uploads\/2022\/12\/BC739284-5165-46C5-964A-B3335579CF30-1280x853.jpeg\" alt=\"GLB200d 4MATIC\" width=\"1280\" height=\"853\" \/> Die wichtigsten Optionen und Spezifikationen des GLB200d 4MATIC (Modell 2023\/01) sind:<\/p>\n<p class=\"well2\"><strong>\u3010Hauptoptionen und Ausstattung\u3011<\/strong> Iridium Silber (Au\u00dfenfarbe), AMG Leder Exclusive Paket (Titanium Grau\/Schwarz Innenraum), Panorama-Schiebedach, Advanced Paket mit Head-up-Display und Interior Assistant<\/p>\n<p>Weitere Berichte zu Fahrspa\u00df, Verbrauch und Wartung des GLB finden Sie <a href=\"https:\/\/www.panamera-life.com\/entry\/tag\/glb\/\" target=\"_blank\" rel=\"noopener\">hier<\/a>.<\/p>\n<h4 class=\"style4b\"><span class=\"ez-toc-section\" id=\"Mercedes-Benz_SL500_R129\"><\/span>Mercedes-Benz SL500 (R129)<span class=\"ez-toc-section-end\"><\/span><\/h4>\n<p><img loading=\"lazy\" decoding=\"async\" class=\"alignnone size-full wp-image-19145\" src=\"https:\/\/www.panamera-life.com\/wp-content\/uploads\/2020\/07\/20180226135138-800x600-1.jpg\" alt=\"\" width=\"800\" height=\"600\" \/><br \/>\n<a href=\"https:\/\/www.panamera-life.com\/entry\/category\/mercedes-benz\/sl500r129\/\" target=\"_blank\" rel=\"noopener noreferrer\">Hier finden Sie einen ausf\u00fchrlichen Bericht zum Mercedes-Benz SL500 (R129)<\/a>.<\/p>\n<h4 class=\"style4b\"><span class=\"ez-toc-section\" id=\"Suzuki_Swift_Sport\"><\/span>Suzuki Swift Sport<span class=\"ez-toc-section-end\"><\/span><\/h4>\n<p><img loading=\"lazy\" decoding=\"async\" class=\"alignnone size-full wp-image-25926\" src=\"https:\/\/www.panamera-life.com\/wp-content\/uploads\/2021\/10\/IMG_4004.jpg\" alt=\"Suzuki Swift Sport\" width=\"1200\" height=\"674\" \/> Die Optionen und Spezifikationen des Swift Sport sind:<\/p>\n<p class=\"well2\"><strong>\u3010Hauptoptionen und Ausstattung\u3011<\/strong> 6-Gang-Schaltgetriebe, Burning Red Pearl Metallic (Au\u00dfenfarbe), schwarze Motorhauben- und Seitendecals, Tankdeckelabdeckung, Fu\u00dfmatten, Suzuki Safety Support, keine 360-Grad-Kamera<\/p>\n<p>Weitere Berichte zu Fahrspa\u00df, Verbrauch und Wartung des Swift Sport finden Sie <a href=\"https:\/\/www.panamera-life.com\/entry\/category\/suzuki-swiftsports\/\" target=\"_blank\" rel=\"noopener\">hier<\/a>.<\/p>\n<h4 class=\"style4b\"><span class=\"ez-toc-section\" id=\"Nissan_Note_e-POWER_NISMO_S\"><\/span>Nissan Note e-POWER NISMO S<span class=\"ez-toc-section-end\"><\/span><\/h4>\n<p><img loading=\"lazy\" decoding=\"async\" class=\"alignnone wp-image-19070\" src=\"https:\/\/www.panamera-life.com\/wp-content\/uploads\/2020\/07\/6FD5C2C5-E8A0-421E-B487-C6CFBE853DD0-1280x853.jpeg\" alt=\"\" width=\"800\" height=\"533\" \/><\/p>\n<table style=\"border-collapse: collapse; width: 100%; height: 116px;\">\n<tbody>\n<tr style=\"height: 29px;\">\n<td style=\"width: 50%; height: 29px;\">Baujahr<\/td>\n<td style=\"width: 50%; height: 29px;\">2018<\/td>\n<\/tr>\n<tr style=\"height: 29px;\">\n<td style=\"width: 50%; height: 29px;\">Au\u00dfenfarbe<\/td>\n<td style=\"width: 50%; height: 29px;\">Dunkelmetallic Grau M<\/td>\n<\/tr>\n<tr style=\"height: 29px;\">\n<td style=\"width: 50%; height: 29px;\">Optionen<\/td>\n<td style=\"width: 50%; height: 29px;\">Intelligenter Tempomat, Smart Room Mirror, Fernlichtassistent u.a.<\/td>\n<\/tr>\n<tr style=\"height: 29px;\">\n<td style=\"width: 50%; height: 29px;\">Kilometerstand (Kaufzeitpunkt)<\/td>\n<td style=\"width: 50%; height: 29px;\">3.900 km<\/td>\n<\/tr>\n<\/tbody>\n<\/table>\n<p>Weitere Testberichte, Verbrauch und Wartung zum Note e-POWER NISMO S finden Sie <a href=\"https:\/\/www.panamera-life.com\/entry\/category\/notenismos\/\" rel=\"noopener noreferrer\">hier<\/a>.<\/p>\n<h4 class=\"style4b\"><span class=\"ez-toc-section\" id=\"AMG_S63_4MATIC_Coupe_C217\"><\/span>AMG S63 4MATIC Coup\u00e9 (C217)<span class=\"ez-toc-section-end\"><\/span><\/h4>\n<p><img loading=\"lazy\" decoding=\"async\" class=\"alignnone size-full wp-image-19144\" src=\"https:\/\/www.panamera-life.com\/wp-content\/uploads\/2020\/07\/IMG_0953-700x480-1.jpg\" alt=\"\" width=\"700\" height=\"480\" \/> Einen ausf\u00fchrlichen Bericht zum AMG S63 Coup\u00e9 finden Sie <a href=\"https:\/\/www.panamera-life.com\/entry\/s63-compare-with-panameraturbo\/\" target=\"_blank\" rel=\"noopener noreferrer\">hier<\/a>.<\/p>\n<h4 class=\"style4b\"><span class=\"ez-toc-section\" id=\"McLaren_650S\"><\/span>McLaren 650S<span class=\"ez-toc-section-end\"><\/span><\/h4>\n<p><img loading=\"lazy\" decoding=\"async\" class=\"alignnone size-full wp-image-19147\" src=\"https:\/\/www.panamera-life.com\/wp-content\/uploads\/2020\/07\/IMG_6837-700x480-1.jpg\" alt=\"\" width=\"700\" height=\"480\" \/> Einen ausf\u00fchrlichen Bericht zum McLaren 650S finden Sie <a href=\"https:\/\/www.panamera-life.com\/entry\/s63-compare-with-panameraturbo\/\" target=\"_blank\" rel=\"noopener noreferrer\">hier<\/a>.<\/p>\n<h4 class=\"style4b\"><span class=\"ez-toc-section\" id=\"Porsche_Panamera_Edition_970\"><\/span>Porsche Panamera Edition (970)<span class=\"ez-toc-section-end\"><\/span><\/h4>\n<p><img loading=\"lazy\" decoding=\"async\" class=\"alignnone size-full wp-image-19149\" src=\"https:\/\/www.panamera-life.com\/wp-content\/uploads\/2020\/07\/20170614095344-e1530666471245-700x480-1.jpg\" alt=\"\" width=\"700\" height=\"480\" \/><\/p>\n<h4 class=\"style4b\"><span class=\"ez-toc-section\" id=\"BMW_320i_F30\"><\/span>BMW 320i (F30)<span class=\"ez-toc-section-end\"><\/span><\/h4>\n<p>Mein erstes eigenes Auto, das ich selbst gekauft habe: der BMW 320i (F30). <img loading=\"lazy\" decoding=\"async\" class=\"alignnone size-full wp-image-18904\" src=\"https:\/\/www.panamera-life.com\/wp-content\/uploads\/2020\/07\/IMG_3180-800x533-1.jpg\" alt=\"\" width=\"800\" height=\"533\" \/> Berichte zu Fahrspa\u00df, Verbrauch und Wartung des 320i (F30) finden Sie <a href=\"https:\/\/www.panamera-life.com\/entry\/category\/aboutbmw\/320i\/\" target=\"_blank\" rel=\"noopener noreferrer\">hier<\/a>.<\/p>\n<h4 class=\"style4b\"><span class=\"ez-toc-section\" id=\"Volkswagen_Golf_7\"><\/span>Volkswagen Golf 7<span class=\"ez-toc-section-end\"><\/span><\/h4>\n<p><img loading=\"lazy\" decoding=\"async\" class=\"alignnone size-full wp-image-19148\" src=\"https:\/\/www.panamera-life.com\/wp-content\/uploads\/2020\/07\/IMG_4514-e1530663945185-700x480-1.jpg\" alt=\"\" width=\"700\" height=\"480\" \/> Berichte zu Fahrspa\u00df, Verbrauch und Wartung des Volkswagen Golf 7 finden Sie <a href=\"https:\/\/www.panamera-life.com\/entry\/category\/aboutbmw\/320i\/\" target=\"_blank\" rel=\"noopener noreferrer\">hier<\/a>.<\/p>\n","protected":false},"excerpt":{"rendered":"Derzeit stellen wir Ihnen unsere geliebten Fahrzeuge vor, die sich aktuell in unserem Besitz befinden, sowie unsere fr\u00fcheren Autos. Unsere aktuellen Fahrzeuge Porsche Boxster GTS (981) Die detaillierten Optionen und Spezifikationen des Boxster \u201eMY2016 Boxster GTS\u201c sind wie folgt: \u3010Hauptoptionen\u3011 LHD, 6-Gang-Schaltgetriebe, Modellschriftzug entfernt, \u00dcberrollb\u00fcgel in Wagenfarbe, elektrisch einklappbare Au\u00dfenspiegel, 20-Zoll Carrera S R\u00e4der, Sitzheizung (2-stufig regelbar) links und rechts, Raucherpaket, Alcantara-Paket entfernt, Fu\u00dfmatten, Sportsitze Plus (2-stufig elektrisch), 3-Speichen-Sportlenkrad, grauer Streifen an der Frontscheibe Weitere...","protected":false},"author":0,"featured_media":0,"parent":0,"menu_order":0,"comment_status":"closed","ping_status":"closed","template":"","meta":{"footnotes":"","_locale":"de_DE","_original_post":"https:\/\/www.panamera-life.com\/?page_id=341"},"yoast_head":"<title>Unsere geliebten Fahrzeuge zu Hause - \u30dd\u30eb\u30b7\u30a7\u304c\u308f\u304c\u5bb6\u306b\u3084\u3063\u3066\u304d\u305f - \u30aa\u30fc\u30ca\u30fc\u30ba\u30d6\u30ed\u30b0<\/title>\n<meta name=\"description\" content=\"Entdecken Sie unsere aktuellen und fr\u00fcheren Porsche sowie weitere geliebte Fahrzeuge mit Details zu Optionen, Fahrspa\u00df und Wartung \u2013 ideal f\u00fcr Porsche Besitzer und Interessenten.\" \/>\n<meta name=\"robots\" content=\"index, follow, max-snippet:-1, max-image-preview:large, max-video-preview:-1\" \/>\n<link rel=\"canonical\" href=\"https:\/\/www.panamera-life.com\/de\/panamera\/\" \/>\n<meta property=\"og:locale\" content=\"de_DE\" \/>\n<meta property=\"og:type\" content=\"article\" \/>\n<meta property=\"og:title\" content=\"Unsere geliebten Fahrzeuge zu Hause - \u30dd\u30eb\u30b7\u30a7\u304c\u308f\u304c\u5bb6\u306b\u3084\u3063\u3066\u304d\u305f - \u30aa\u30fc\u30ca\u30fc\u30ba\u30d6\u30ed\u30b0\" \/>\n<meta property=\"og:description\" content=\"Entdecken Sie unsere aktuellen und fr\u00fcheren Porsche sowie weitere geliebte Fahrzeuge mit Details zu Optionen, Fahrspa\u00df und Wartung \u2013 ideal f\u00fcr Porsche Besitzer und Interessenten.\" \/>\n<meta property=\"og:url\" content=\"https:\/\/www.panamera-life.com\/de\/panamera\/\" \/>\n<meta property=\"og:site_name\" content=\"\u30dd\u30eb\u30b7\u30a7\u304c\u308f\u304c\u5bb6\u306b\u3084\u3063\u3066\u304d\u305f - \u30aa\u30fc\u30ca\u30fc\u30ba\u30d6\u30ed\u30b0\" \/>\n<meta property=\"article:publisher\" content=\"https:\/\/www.facebook.com\/panameralife\/\" \/>\n<meta property=\"article:modified_time\" content=\"2025-05-02T13:27:04+00:00\" \/>\n<meta property=\"og:image\" content=\"https:\/\/www.panamera-life.com\/wp-content\/uploads\/2018\/08\/32161133-9C7D-4CBA-8966-25B0AA949496-800x533.jpeg\" \/>\n<meta name=\"twitter:label1\" content=\"Gesch\u00e4tzte Lesezeit\" \/>\n\t<meta name=\"twitter:data1\" content=\"12\u00a0Minuten\" \/>","yoast_head_json":{"title":"Unsere geliebten Fahrzeuge zu Hause - \u30dd\u30eb\u30b7\u30a7\u304c\u308f\u304c\u5bb6\u306b\u3084\u3063\u3066\u304d\u305f - \u30aa\u30fc\u30ca\u30fc\u30ba\u30d6\u30ed\u30b0","description":"Entdecken Sie unsere aktuellen und fr\u00fcheren Porsche sowie weitere geliebte Fahrzeuge mit Details zu Optionen, Fahrspa\u00df und Wartung \u2013 ideal f\u00fcr Porsche Besitzer und Interessenten.","robots":{"index":"index","follow":"follow","max-snippet":"max-snippet:-1","max-image-preview":"max-image-preview:large","max-video-preview":"max-video-preview:-1"},"canonical":"https:\/\/www.panamera-life.com\/de\/panamera\/","og_locale":"de_DE","og_type":"article","og_title":"Unsere geliebten Fahrzeuge zu Hause - \u30dd\u30eb\u30b7\u30a7\u304c\u308f\u304c\u5bb6\u306b\u3084\u3063\u3066\u304d\u305f - \u30aa\u30fc\u30ca\u30fc\u30ba\u30d6\u30ed\u30b0","og_description":"Entdecken Sie unsere aktuellen und fr\u00fcheren Porsche sowie weitere geliebte Fahrzeuge mit Details zu Optionen, Fahrspa\u00df und Wartung \u2013 ideal f\u00fcr Porsche Besitzer und Interessenten.","og_url":"https:\/\/www.panamera-life.com\/de\/panamera\/","og_site_name":"\u30dd\u30eb\u30b7\u30a7\u304c\u308f\u304c\u5bb6\u306b\u3084\u3063\u3066\u304d\u305f - \u30aa\u30fc\u30ca\u30fc\u30ba\u30d6\u30ed\u30b0","article_publisher":"https:\/\/www.facebook.com\/panameralife\/","article_modified_time":"2025-05-02T13:27:04+00:00","og_image":[{"url":"https:\/\/www.panamera-life.com\/wp-content\/uploads\/2018\/08\/32161133-9C7D-4CBA-8966-25B0AA949496-800x533.jpeg"}],"twitter_misc":{"Gesch\u00e4tzte Lesezeit":"12\u00a0Minuten"},"schema":{"@context":"https:\/\/schema.org","@graph":[{"@type":"WebPage","@id":"https:\/\/www.panamera-life.com\/de\/panamera\/","url":"https:\/\/www.panamera-life.com\/de\/panamera\/","name":"Unsere geliebten Fahrzeuge zu Hause - \u30dd\u30eb\u30b7\u30a7\u304c\u308f\u304c\u5bb6\u306b\u3084\u3063\u3066\u304d\u305f - \u30aa\u30fc\u30ca\u30fc\u30ba\u30d6\u30ed\u30b0","isPartOf":{"@id":"https:\/\/www.panamera-life.com\/#website"},"primaryImageOfPage":{"@id":"https:\/\/www.panamera-life.com\/de\/panamera\/#primaryimage"},"image":{"@id":"https:\/\/www.panamera-life.com\/de\/panamera\/#primaryimage"},"thumbnailUrl":"https:\/\/www.panamera-life.com\/wp-content\/uploads\/2018\/08\/32161133-9C7D-4CBA-8966-25B0AA949496-800x533.jpeg","datePublished":"2018-04-03T07:05:00+00:00","dateModified":"2025-05-02T13:27:04+00:00","description":"Entdecken Sie unsere aktuellen und fr\u00fcheren Porsche sowie weitere geliebte Fahrzeuge mit Details zu Optionen, Fahrspa\u00df und Wartung \u2013 ideal f\u00fcr Porsche Besitzer und Interessenten.","breadcrumb":{"@id":"https:\/\/www.panamera-life.com\/de\/panamera\/#breadcrumb"},"inLanguage":"de","potentialAction":[{"@type":"ReadAction","target":["https:\/\/www.panamera-life.com\/de\/panamera\/"]}]},{"@type":"ImageObject","inLanguage":"de","@id":"https:\/\/www.panamera-life.com\/de\/panamera\/#primaryimage","url":"https:\/\/www.panamera-life.com\/wp-content\/uploads\/2018\/08\/32161133-9C7D-4CBA-8966-25B0AA949496.jpeg","contentUrl":"https:\/\/www.panamera-life.com\/wp-content\/uploads\/2018\/08\/32161133-9C7D-4CBA-8966-25B0AA949496.jpeg","width":2305,"height":1537,"caption":"981\u30dc\u30af\u30b9\u30bf\u30fcGTS"},{"@type":"BreadcrumbList","@id":"https:\/\/www.panamera-life.com\/de\/panamera\/#breadcrumb","itemListElement":[{"@type":"ListItem","position":1,"name":"\u30db\u30fc\u30e0","item":"https:\/\/www.panamera-life.com\/"},{"@type":"ListItem","position":2,"name":"Unsere geliebten Fahrzeuge zu Hause"}]},{"@type":"WebSite","@id":"https:\/\/www.panamera-life.com\/#website","url":"https:\/\/www.panamera-life.com\/","name":"\u30dd\u30eb\u30b7\u30a7\u304c\u308f\u304c\u5bb6\u306b\u3084\u3063\u3066\u304d\u305f - \u30aa\u30fc\u30ca\u30fc\u30ba\u30d6\u30ed\u30b0","description":"\u30dd\u30eb\u30b7\u30a7\u306b\u9b45\u4e86\u3055\u308c\u305f\u59bb\u304c\u66f8\u304f\u30dd\u30eb\u30b7\u30a7\u30d6\u30ed\u30b0\u3067\u3059\u3002\u6240\u6709\u3059\u308b\u30dd\u30eb\u30b7\u30a7 911\u30ab\u30ec\u30e9\uff08964\uff09\u3001911GT3\u3001\u30dc\u30af\u30b9\u30bf\u30fc\u3001\u30d1\u30ca\u30e1\u30fc\u30e9\u306e\u30ec\u30d3\u30e5\u30fc\u3084\u7dad\u6301\u8cbb\u3001\u30c4\u30fc\u30ea\u30f3\u30b0\u8a18\u306a\u3069\u3002\u30cb\u30e5\u30fc\u30b9\u8a18\u4e8b\u3067\u306f\u5206\u304b\u3089\u306a\u3044\u751f\u306e\u30dd\u30eb\u30b7\u30a7\u30aa\u30fc\u30ca\u30fc\u306e\u58f0\u3092\u5b9a\u671f\u914d\u4fe1\u3059\u308b\u30d6\u30ed\u30b0\u3067\u3059\u3002","publisher":{"@id":"https:\/\/www.panamera-life.com\/#organization"},"potentialAction":[{"@type":"SearchAction","target":{"@type":"EntryPoint","urlTemplate":"https:\/\/www.panamera-life.com\/?s={search_term_string}"},"query-input":{"@type":"PropertyValueSpecification","valueRequired":true,"valueName":"search_term_string"}}],"inLanguage":"de"},{"@type":"Organization","@id":"https:\/\/www.panamera-life.com\/#organization","name":"\u30dd\u30eb\u30b7\u30a7\u304c\u308f\u304c\u5bb6\u306b\u3084\u3063\u3066\u304d\u305f","url":"https:\/\/www.panamera-life.com\/","logo":{"@type":"ImageObject","inLanguage":"de","@id":"https:\/\/www.panamera-life.com\/#\/schema\/logo\/image\/","url":"https:\/\/www.panamera-life.com\/wp-content\/uploads\/2021\/05\/unnamed.jpg","contentUrl":"https:\/\/www.panamera-life.com\/wp-content\/uploads\/2021\/05\/unnamed.jpg","width":512,"height":512,"caption":"\u30dd\u30eb\u30b7\u30a7\u304c\u308f\u304c\u5bb6\u306b\u3084\u3063\u3066\u304d\u305f"},"image":{"@id":"https:\/\/www.panamera-life.com\/#\/schema\/logo\/image\/"},"sameAs":["https:\/\/www.facebook.com\/panameralife\/","https:\/\/x.com\/Mina_Panamera","https:\/\/www.instagram.com\/mina_porsche\/","https:\/\/www.youtube.com\/channel\/UCoyAW0ifcnk05Iryf7-bkhg"]}]}},"_links":{"self":[{"href":"https:\/\/www.panamera-life.com\/wp-json\/wp\/v2\/pages\/37916"}],"collection":[{"href":"https:\/\/www.panamera-life.com\/wp-json\/wp\/v2\/pages"}],"about":[{"href":"https:\/\/www.panamera-life.com\/wp-json\/wp\/v2\/types\/page"}],"replies":[{"embeddable":true,"href":"https:\/\/www.panamera-life.com\/wp-json\/wp\/v2\/comments?post=37916"}],"version-history":[{"count":0,"href":"https:\/\/www.panamera-life.com\/wp-json\/wp\/v2\/pages\/37916\/revisions"}],"wp:attachment":[{"href":"https:\/\/www.panamera-life.com\/wp-json\/wp\/v2\/media?parent=37916"}],"curies":[{"name":"wp","href":"https:\/\/api.w.org\/{rel}","templated":true}]}}